{"version":"1.0","type":"rich","provider_name":"Pr\u00e9dications","provider_url":"http:\/\/www.predications.eu","title":"Jeudi de la 2\u003Csup class=\"typo_exposants\"\u003Ee\u003C\/sup\u003E semaine de Car\u00eame","author_name":"","width":"480","height":"295","url":"http:\/\/www.predications.eu\/Jeudi-de-la-deuxieme-semaine-de-Careme.html","html":"\u003Ch4 class='title'\u003E\u003Ca href='http:\/\/www.predications.eu\/Jeudi-de-la-deuxieme-semaine-de-Careme.html'\u003EJeudi de la 2\u003Csup class=\"typo_exposants\"\u003Ee\u003C\/sup\u003E semaine de Car\u00eame\u003C\/a\u003E\u003C\/h4\u003E\u003Cblockquote class='spip'\u003E\n\u003Cp\u003EJr. 17, 5-10  Ps. 1  Lc. 16, 19-31 \n\n &#171;&nbsp;Il y avait un homme riche, v\u00eatu de pourpre et de lin fin, qui faisait chaque jour des festins somptueux. Devant son portail gisait un pauvre nomm\u00e9 Lazare, qui \u00e9tait couvert d\u2019ulc\u00e8res.&nbsp;&#187; \n\nJ\u00e9sus fait allusion \u00e0 une histoire connue, celle du pauvre scribe et du riche publicain Bar Mayan. Il s\u2019agit d\u2019un riche qui ne se pr\u00e9occupe ni des hommes ni de Dieu. Ce riche, qui n\u2019a pas de Nom, n\u2019est pas \"\u00e9tabli\" dans son \u00eatre int\u00e9rieur et spirituel. J\u00e9sus donne un&nbsp;(\u2026)\u003C\/p\u003E\n\u003C\/blockquote\u003E\n"}